{"id":971,"date":"2021-08-27T21:50:44","date_gmt":"2021-08-27T21:50:44","guid":{"rendered":"https:\/\/eldienteroto.org\/wp49\/?page_id=971"},"modified":"2026-04-26T16:13:10","modified_gmt":"2026-04-26T20:43:10","slug":"a","status":"publish","type":"page","link":"https:\/\/eldienteroto.org\/wp49\/a\/","title":{"rendered":"A"},"content":{"rendered":"\n<p><a href=\"https:\/\/eldienteroto.org\/wp49\/contrasombra\/\" target=\"_blank\" rel=\"noopener\">A contrasombra, padre<\/a><\/p>\n\n\n\n<p><a href=\"https:\/\/eldienteroto.org\/wp49\/aben-almulek\/\" target=\"_blank\" rel=\"noopener\">Aben-Almulek<\/a><\/p>\n\n\n\n<p><a href=\"https:\/\/eldienteroto.org\/wp49\/tarek-aboaasi-el-nimer\/\" target=\"_blank\" rel=\"noopener\">Aboaasi El Nimer, Tarek<\/a><\/p>\n\n\n\n<p><a href=\"https:\/\/eldienteroto.org\/wp49\/abrapalabra\/\" target=\"_blank\" rel=\"noopener\">Abrapalabra<\/a><\/p>\n\n\n\n<p><a href=\"https:\/\/eldienteroto.org\/wp49\/jv-abreu\/\" target=\"_blank\" rel=\"noopener\">Abreu, Jos\u00e9 Vicente<\/a><\/p>\n\n\n\n<p><a href=\"https:\/\/eldienteroto.org\/wp49\/abuelo-cesta-mar\/\" target=\"_blank\" rel=\"noopener\">Abuelo, la cesta y el mar (el)<\/a><\/p>\n\n\n\n<p><a rel=\"noopener\" href=\"https:\/\/eldienteroto.org\/wp49\/ruben-ackerman\/\" target=\"_blank\">Ackerman, Rub\u00e9n<\/a><\/p>\n\n\n\n<p><a href=\"https:\/\/eldienteroto.org\/wp49\/hildegart-acosta\/\" target=\"_blank\" rel=\"noreferrer noopener\">Acosta, Hildegart<\/a><\/p>\n\n\n\n<p><a href=\"https:\/\/eldienteroto.org\/wp49\/santiago-acosta\/\" target=\"_blank\" rel=\"noreferrer noopener\">Acosta, Santiago<\/a><\/p>\n\n\n\n<p><a rel=\"noopener\" href=\"https:\/\/eldienteroto.org\/wp49\/arnaldo-acosta-bello\/\" target=\"_blank\">Acosta Bello, Arnaldo<\/a><\/p>\n\n\n\n<p><a href=\"https:\/\/eldienteroto.org\/wp49\/celsa-acosta-seco\/\" target=\"_blank\" rel=\"noreferrer noopener\">Acosta Seco, Celsa<\/a><\/p>\n\n\n\n<p><a rel=\"noopener\" href=\"https:\/\/eldienteroto.org\/wp49\/acto-cultural\/\" target=\"_blank\">Acto cultural<\/a><\/p>\n\n\n\n<p><a rel=\"noreferrer noopener\" href=\"https:\/\/eldienteroto.org\/wp49\/adios-miss-venezuela\/\" target=\"_blank\">Adi\u00f3s Miss Venezuela<\/a><\/p>\n\n\n\n<p><a rel=\"noreferrer noopener\" href=\"https:\/\/eldienteroto.org\/wp49\/agua-desnuda\/\" target=\"_blank\">Agua desnuda<\/a><\/p>\n\n\n\n<p><a href=\"https:\/\/eldienteroto.org\/wp49\/las-aguas-tenian-reflejos-de-plata\/\" target=\"_blank\" rel=\"noreferrer noopener\">aguas ten\u00edan reflejos de plata, Las<\/a><\/p>\n\n\n\n<p><a href=\"https:\/\/eldienteroto.org\/wp49\/el-aguila-de-dos-cabezas\/\" target=\"_blank\" rel=\"noopener\">\u00c1guila de dos cabezas, el<\/a><\/p>\n\n\n\n<p><a rel=\"noopener\" href=\"https:\/\/eldienteroto.org\/wp49\/yoyiana-ahumada\/\" target=\"_blank\">Ahumada, Yoyiana<\/a><\/p>\n\n\n\n<p><a rel=\"noreferrer noopener\" href=\"https:\/\/eldienteroto.org\/wp49\/alabanza-de-la-ciudad\/\" target=\"_blank\">Alabanza de la ciudad<\/a> <\/p>\n\n\n\n<p><a href=\"https:\/\/eldienteroto.org\/wp49\/jeronimo-alayon-gomez\/\" target=\"_blank\" rel=\"noreferrer noopener\">Alay\u00f3n, Jer\u00f3nimo<\/a><\/p>\n\n\n\n<p><a href=\"https:\/\/eldienteroto.org\/wp49\/albo\/\" target=\"_blank\" rel=\"noopener\">Albo<\/a><\/p>\n\n\n\n<p><a href=\"https:\/\/eldienteroto.org\/wp49\/los-alegres-desahuciados\/\" target=\"_blank\" rel=\"noopener\">Alegres desahuciados, los<\/a><\/p>\n\n\n\n<p><a href=\"https:\/\/eldienteroto.org\/wp49\/mensaje-sin-destino-alegria-de-la-tierra\/\" target=\"_blank\" rel=\"noopener\">Alegr\u00eda de la tierra<\/a><\/p>\n\n\n\n<p><a rel=\"noopener\" href=\"https:\/\/eldienteroto.org\/wp49\/leonardo-alezones\/\" target=\"_blank\">Alezones, Leonardo<\/a><\/p>\n\n\n\n<p><a rel=\"noreferrer noopener\" href=\"https:\/\/eldienteroto.org\/wp49\/alfabeto-del-mundo\/\" target=\"_blank\">Alfabeto del mundo<\/a><\/p>\n\n\n\n<p><a href=\"https:\/\/eldienteroto.org\/wp49\/david-alizo\/\" target=\"_blank\" rel=\"noopener\">Alizo, David<\/a><\/p>\n\n\n\n<p><a href=\"https:\/\/eldienteroto.org\/wp49\/harry-almela\/\" target=\"_blank\" rel=\"noopener\">Almela, Harry<\/a><\/p>\n\n\n\n<p><a href=\"https:\/\/eldienteroto.org\/wp49\/eziongeber-chino-alvarez\/\" target=\"_blank\" rel=\"noopener\">\u00c1lvarez, Eziongeber (Chino)<\/a><\/p>\n\n\n\n<p><a rel=\"noopener\" href=\"https:\/\/eldienteroto.org\/wp49\/maria-auxiliadora-alvarez\/\" target=\"_blank\">\u00c1lvarez, Mar\u00eda Auxiliadora<\/a><\/p>\n\n\n\n<p><a href=\"https:\/\/eldienteroto.org\/wp49\/ophir-alviarez\/\" target=\"_blank\" rel=\"noreferrer noopener\">Alvi\u00e1rez, Ophir<\/a><\/p>\n\n\n\n<p><a href=\"https:\/\/eldienteroto.org\/wp49\/mario-amengual\/\" target=\"_blank\" rel=\"noopener\">Amengual, Mario<\/a><\/p>\n\n\n\n<p><a rel=\"noopener\" href=\"https:\/\/eldienteroto.org\/wp49\/america-espera\/\" target=\"_blank\">Am\u00e9rica espera<\/a><\/p>\n\n\n\n<p><a rel=\"noreferrer noopener\" href=\"https:\/\/eldienteroto.org\/wp49\/los-amos-del-valle\/\" target=\"_blank\">amos del valle, Los<\/a><\/p>\n\n\n\n<p><a href=\"https:\/\/eldienteroto.org\/wp49\/1649-2\/\">Ana Enriqueta Ter\u00e1n: poetisa de la lengua<\/a><\/p>\n\n\n\n<p><a href=\"https:\/\/eldienteroto.org\/wp49\/ana-isabel-una-nina-decente-2\/\" target=\"_blank\" rel=\"noopener\">Ana Isabel, una ni\u00f1a decente<\/a><\/p>\n\n\n\n<p><a href=\"https:\/\/eldienteroto.org\/wp49\/anfora-criolla\/\" target=\"_blank\" rel=\"noopener\">\u00c1nfora criolla<\/a><\/p>\n\n\n\n<p><a rel=\"noopener\" href=\"https:\/\/eldienteroto.org\/wp49\/anfisbena-culebra-ciega\/\" target=\"_blank\">Anfisbena. Culebra ciega<\/a><\/p>\n\n\n\n<p><a href=\"https:\/\/eldienteroto.org\/wp49\/rafael-angarita-arvelo\/\" target=\"_blank\" rel=\"noreferrer noopener\">Angarita Arvelo, Rafael<\/a><\/p>\n\n\n\n<p class=\"has-text-align-left\"><a href=\"https:\/\/eldienteroto.org\/wp49\/luis-alberto-angulo\/\" target=\"_blank\" rel=\"noopener\">Angulo, Luis Alberto<\/a><\/p>\n\n\n\n<p><a href=\"https:\/\/eldienteroto.org\/wp49\/laura-antillano\/\" target=\"_blank\" rel=\"noopener\">Antillano, Laura<\/a><\/p>\n\n\n\n<p><a href=\"https:\/\/eldienteroto.org\/wp49\/gilberto-antolinez\/\" target=\"_blank\" rel=\"noopener\">Antol\u00ednez, Gilberto<\/a><\/p>\n\n\n\n<p><a href=\"https:\/\/eldienteroto.org\/wp49\/antologia-esencial-de-andres-bello\/\" target=\"_blank\" rel=\"noopener\">Antolog\u00eda esencial de Andr\u00e9s Bello<\/a><\/p>\n\n\n\n<p><a href=\"https:\/\/eldienteroto.org\/wp49\/apuntes-de-sobremesa\/\" target=\"_blank\" rel=\"noopener\">Apuntes de sobremesa<\/a><\/p>\n\n\n\n<p><a rel=\"noopener\" href=\"https:\/\/eldienteroto.org\/wp49\/aquello-puro\/\" target=\"_blank\">Aquello puro<\/a><\/p>\n\n\n\n<p><a href=\"https:\/\/eldienteroto.org\/wp49\/aracne-2\/\" target=\"_blank\" rel=\"noreferrer noopener\">Aracn\u00e9<\/a><\/p>\n\n\n\n<p><a href=\"https:\/\/eldienteroto.org\/wp49\/osman-aranguibel\/\" target=\"_blank\" rel=\"noopener\">Aranguibel, Osm\u00e1n<\/a><\/p>\n\n\n\n<p><a href=\"https:\/\/eldienteroto.org\/wp49\/orlando-araujo\/\" target=\"_blank\" rel=\"noopener\">Araujo, Orlando<\/a><\/p>\n\n\n\n<p><a href=\"https:\/\/eldienteroto.org\/wp49\/edmundo-aray\/\" target=\"_blank\" rel=\"noopener\">Aray, Edmundo<\/a><\/p>\n\n\n\n<p><a href=\"https:\/\/eldienteroto.org\/wp49\/arboles-cronica-de-una-ausencia\/\">\u00c1rboles. Cr\u00f3nicas de una ausencia<\/a><\/p>\n\n\n\n<p><a href=\"https:\/\/eldienteroto.org\/wp49\/eduardo-arcila-farias\/\" target=\"_blank\" rel=\"noreferrer noopener\">Arcila Far\u00edas, Eduardo<\/a><\/p>\n\n\n\n<p><a rel=\"noopener\" href=\"https:\/\/eldienteroto.org\/wp49\/francisco-javier-ardiles\/\" target=\"_blank\">Ardiles, Francisco<\/a><\/p>\n\n\n\n<p><a href=\"https:\/\/eldienteroto.org\/wp49\/daniel-arella\/\" target=\"_blank\" rel=\"noreferrer noopener\">Arella, Daniel<\/a><\/p>\n\n\n\n<p><a href=\"https:\/\/eldienteroto.org\/wp49\/caneo-arguinzones\/\" target=\"_blank\" rel=\"noopener\">Arguinzones, Caneo<\/a><\/p>\n\n\n\n<p><a href=\"https:\/\/eldienteroto.org\/wp49\/francis-arguinzones-lugo\/\" target=\"_blank\" rel=\"noopener\">Arguinzones Lugo, Francis<\/a><\/p>\n\n\n\n<p><a href=\"https:\/\/eldienteroto.org\/wp49\/vielsi-arias\/\" target=\"_blank\" rel=\"noopener\">Arias, Vielsi<\/a><\/p>\n\n\n\n<p><a href=\"https:\/\/eldienteroto.org\/wp49\/jean-aristeguieta\/\" target=\"_blank\" rel=\"noopener\">Aristeguieta, Jean<\/a><\/p>\n\n\n\n<p><a href=\"https:\/\/eldienteroto.org\/wp49\/edda-armas\/\" target=\"_blank\" rel=\"noopener\">Armas, Edda<\/a><\/p>\n\n\n\n<p><a href=\"https:\/\/eldienteroto.org\/wp49\/alfredo-armas-alfonzo\/\" target=\"_blank\" rel=\"noopener\">Armas Alfonzo, Alfredo<\/a><\/p>\n\n\n\n<p><a rel=\"noopener\" href=\"https:\/\/eldienteroto.org\/wp49\/mi-aroma-de-lumbre\/\" target=\"_blank\">Aroma de lumbre, mi<\/a><\/p>\n\n\n\n<p><a rel=\"noreferrer noopener\" href=\"https:\/\/eldienteroto.org\/wp49\/arquero-de-la-noche\/\" target=\"_blank\">Arquero de la noche<\/a><\/p>\n\n\n\n<p><a href=\"https:\/\/eldienteroto.org\/wp49\/rafael-arraiz-lucca\/\" target=\"_blank\" rel=\"noopener\">Arr\u00e1iz Lucca, Rafael<\/a><\/p>\n\n\n\n<p><a href=\"https:\/\/eldienteroto.org\/wp49\/antonio-arraiz\/\" target=\"_blank\" rel=\"noopener\">Arr\u00e1iz, Antonio<\/a><\/p>\n\n\n\n<p><a href=\"https:\/\/eldienteroto.org\/wp49\/articulos-de-costumbres\/\" target=\"_blank\" rel=\"noopener\">Art\u00edculos de costumbres<\/a> (Rafael Mar\u00eda Baralt)<\/p>\n\n\n\n<p><a href=\"https:\/\/eldienteroto.org\/wp49\/alfredo-arvelo-larriva\/\" target=\"_blank\" rel=\"noopener\">Arvelo Larriva, Alfredo<\/a><\/p>\n\n\n\n<p><a href=\"https:\/\/eldienteroto.org\/wp49\/enriqueta-arvelo-larriva\/\" target=\"_blank\" rel=\"noopener\">Arvelo Larriva, Enriqueta<\/a><\/p>\n\n\n\n<p><a href=\"https:\/\/eldienteroto.org\/wp49\/alberto-arvelo-torrealba\/\" target=\"_blank\" rel=\"noopener\">Arvelo Torrealba, Alberto<\/a><\/p>\n\n\n\n<p><a href=\"https:\/\/eldienteroto.org\/wp49\/aspero\/\" target=\"_blank\" rel=\"noopener\">\u00c1spero<\/a><\/p>\n\n\n\n<p><a href=\"https:\/\/eldienteroto.org\/wp49\/ruben-ackerman\/\" target=\"_blank\" rel=\"noopener\">ausentes, Los<\/a><\/p>\n\n\n\n<p><a href=\"https:\/\/eldienteroto.org\/wp49\/avatares\/\" target=\"_blank\" rel=\"noopener\">Avatares<\/a><\/p>\n\n\n\n<p><a href=\"https:\/\/eldienteroto.org\/wp49\/averno\/\">Averno<\/a><\/p>\n\n\n\n<p><a href=\"https:\/\/eldienteroto.org\/wp49\/leonardo-azparren\/\">Azparren, Leonardo<\/a><\/p>\n\n\n\n<p><a href=\"https:\/\/eldienteroto.org\/wp49\/ricardo-alfonzo-azuaje-reveron\/\" target=\"_blank\" rel=\"noopener\">Azuaje, Ricardo<\/a><\/p>\n","protected":false},"excerpt":{"rendered":"<p>A contrasombra, padre Aben-Almulek Aboaasi El Nimer, Tarek Abrapalabra Abreu, Jos\u00e9 Vicente Abuelo, la cesta y el mar (el) Ackerman, Rub\u00e9n Acosta, Hildegart Acosta, Santiago Acosta Bello, Arnaldo Acosta Seco, Celsa Acto cultural Adi\u00f3s Miss Venezuela Agua desnuda aguas ten\u00edan reflejos de plata, Las \u00c1guila de dos cabezas, el Ahumada, Yoyiana Alabanza de la ciudad [&hellip;]<\/p>\n","protected":false},"author":6,"featured_media":0,"parent":0,"menu_order":0,"comment_status":"closed","ping_status":"closed","template":"","meta":{"_monsterinsights_skip_tracking":false,"_monsterinsights_sitenote_active":false,"_monsterinsights_sitenote_note":"","_monsterinsights_sitenote_category":0,"footnotes":""},"_links":{"self":[{"href":"https:\/\/eldienteroto.org\/wp49\/wp-json\/wp\/v2\/pages\/971"}],"collection":[{"href":"https:\/\/eldienteroto.org\/wp49\/wp-json\/wp\/v2\/pages"}],"about":[{"href":"https:\/\/eldienteroto.org\/wp49\/wp-json\/wp\/v2\/types\/page"}],"author":[{"embeddable":true,"href":"https:\/\/eldienteroto.org\/wp49\/wp-json\/wp\/v2\/users\/6"}],"replies":[{"embeddable":true,"href":"https:\/\/eldienteroto.org\/wp49\/wp-json\/wp\/v2\/comments?post=971"}],"version-history":[{"count":73,"href":"https:\/\/eldienteroto.org\/wp49\/wp-json\/wp\/v2\/pages\/971\/revisions"}],"predecessor-version":[{"id":18535,"href":"https:\/\/eldienteroto.org\/wp49\/wp-json\/wp\/v2\/pages\/971\/revisions\/18535"}],"wp:attachment":[{"href":"https:\/\/eldienteroto.org\/wp49\/wp-json\/wp\/v2\/media?parent=971"}],"curies":[{"name":"wp","href":"https:\/\/api.w.org\/{rel}","templated":true}]}}