{"id":849,"date":"2021-08-20T11:16:11","date_gmt":"2021-08-20T11:16:11","guid":{"rendered":"https:\/\/eldienteroto.org\/wp49\/?page_id=849"},"modified":"2025-11-24T13:22:29","modified_gmt":"2025-11-24T17:52:29","slug":"o","status":"publish","type":"page","link":"https:\/\/eldienteroto.org\/wp49\/o\/","title":{"rendered":"O"},"content":{"rendered":"\n<p><a href=\"https:\/\/eldienteroto.org\/wp49\/objetos-perdidos\/\" target=\"_blank\" rel=\"noopener\">Objetos perdidos<\/a><\/p>\n\n\n\n<p><a href=\"https:\/\/eldienteroto.org\/wp49\/obras-completas-de-cesar-rengifo-tomo-i\/\">Obras completas de C\u00e9sar Rengifo (Tomo I)<\/a><\/p>\n\n\n\n<p><a href=\"https:\/\/eldienteroto.org\/wp49\/tomasa-ochoa-cordero\/\" target=\"_blank\" rel=\"noopener\">Ochoa Cordero, Tomasa<\/a><\/p>\n\n\n\n<p><a href=\"https:\/\/eldienteroto.org\/wp49\/jose-ygnacio-ochoa\/\" target=\"_blank\" rel=\"noopener\">Ochoa, Jos\u00e9 Ygnacio<\/a><\/p>\n\n\n\n<p><a rel=\"noopener\" href=\"https:\/\/eldienteroto.org\/wp49\/jose-ochoa-diaz\/\" target=\"_blank\">Ochoa D\u00edaz,&nbsp;Jos\u00e9<\/a><\/p>\n\n\n\n<p><a rel=\"noreferrer noopener\" href=\"https:\/\/eldienteroto.org\/wp49\/maria-angeles-octavio\/\" target=\"_blank\">Octavio, Mar\u00eda \u00c1ngeles<\/a><\/p>\n\n\n\n<p><a href=\"https:\/\/eldienteroto.org\/wp49\/mauricio-odreman\/\" target=\"_blank\" rel=\"noreferrer noopener\">Odrem\u00e1n, Mauricio<\/a><\/p>\n\n\n\n<p><a href=\"https:\/\/eldienteroto.org\/wp49\/oficina-nro-uno\/\" target=\"_blank\" rel=\"noopener\">Oficina n\u00famero uno<\/a><\/p>\n\n\n\n<p><a href=\"https:\/\/eldienteroto.org\/wp49\/oficio-de-difuntos\/\" target=\"_blank\" rel=\"noopener\">Oficio de difuntos<\/a><\/p>\n\n\n\n<p><a href=\"https:\/\/eldienteroto.org\/wp49\/tomasa-ochoa-cordero\/\" target=\"_blank\" rel=\"noopener\">Ojos quebrados<\/a><\/p>\n\n\n\n<p><a href=\"https:\/\/eldienteroto.org\/wp49\/la-ola-detenida\/\" target=\"_blank\" rel=\"noopener\">Ola detenida, la<\/a><\/p>\n\n\n\n<p><a href=\"https:\/\/eldienteroto.org\/wp49\/norberto-jose-olivar\/\" target=\"_blank\" rel=\"noopener\">Olivar, Norberto Jos\u00e9<\/a><\/p>\n\n\n\n<p><a rel=\"noopener\" href=\"https:\/\/eldienteroto.org\/wp49\/alejandro-oliveros\/\" target=\"_blank\">Oliveros, Alejandro<\/a><\/p>\n\n\n\n<p><a href=\"https:\/\/eldienteroto.org\/wp49\/elennys-oliveros-rodriguez\/\" target=\"_blank\" rel=\"noreferrer noopener\">Oliveros, Elennys<\/a><\/p>\n\n\n\n<p><a href=\"https:\/\/eldienteroto.org\/wp49\/olimpicos-e-integrados\/\" target=\"_blank\" rel=\"noopener\">Ol\u00edmpicos e integrados<\/a><\/p>\n\n\n\n<p><a href=\"https:\/\/eldienteroto.org\/wp49\/milton-ordonez\/\" target=\"_blank\" rel=\"noopener\">Ord\u00f3\u00f1ez, Milton<\/a><\/p>\n\n\n\n<p><a href=\"https:\/\/eldienteroto.org\/wp49\/cecilia-ortiz\/\" target=\"_blank\" rel=\"noreferrer noopener\">Ortiz, Cecilia<\/a><\/p>\n\n\n\n<p><a rel=\"noopener\" href=\"https:\/\/eldienteroto.org\/wp49\/el-osario-de-dios\/\" target=\"_blank\">Osario de Dios, el<\/a><\/p>\n\n\n\n<p><a rel=\"noopener\" href=\"https:\/\/eldienteroto.org\/wp49\/oscurano\/\" target=\"_blank\">Oscurano, el<\/a><\/p>\n\n\n\n<p><a href=\"https:\/\/eldienteroto.org\/wp49\/omar-osorio-amoretti\/\" target=\"_blank\" rel=\"noreferrer noopener\">Osorio Amoretti, Omar<\/a><\/p>\n\n\n\n<p><a href=\"https:\/\/eldienteroto.org\/wp49\/hanni-ossott\/\" target=\"_blank\" rel=\"noopener\">Ossott, Hanni<\/a><\/p>\n\n\n\n<p><a href=\"https:\/\/eldienteroto.org\/wp49\/william-osuna\/\" target=\"_blank\" rel=\"noopener\">Osuna, William<\/a><\/p>\n\n\n\n<p><a href=\"https:\/\/eldienteroto.org\/wp49\/otero-silva-miguel\/\" target=\"_blank\" rel=\"noopener\">Otero Silva, Miguel<\/a><\/p>\n\n\n\n<p><a href=\"https:\/\/eldienteroto.org\/wp49\/otros-bosques-2\/\" target=\"_blank\" rel=\"noopener\">Otros bosques<\/a><\/p>\n\n\n\n<p><a href=\"https:\/\/eldienteroto.org\/wp49\/caupolican-ovalles\/\" target=\"_blank\" rel=\"noopener\">Ovalles, Caupolic\u00e1n<\/a><\/p>\n\n\n\n<p><a href=\"https:\/\/eldienteroto.org\/wp49\/oviedo-palomares\/\" target=\"_blank\" rel=\"noopener\">Oviedo Palomares, Ana Mar\u00eda<\/a><\/p>\n","protected":false},"excerpt":{"rendered":"<p>Objetos perdidos Obras completas de C\u00e9sar Rengifo (Tomo I) Ochoa Cordero, Tomasa Ochoa, Jos\u00e9 Ygnacio Ochoa D\u00edaz,&nbsp;Jos\u00e9 Octavio, Mar\u00eda \u00c1ngeles Odrem\u00e1n, Mauricio Oficina n\u00famero uno Oficio de difuntos Ojos quebrados Ola detenida, la Olivar, Norberto Jos\u00e9 Oliveros, Alejandro Oliveros, Elennys Ol\u00edmpicos e integrados Ord\u00f3\u00f1ez, Milton Ortiz, Cecilia Osario de Dios, el Oscurano, el Osorio Amoretti, [&hellip;]<\/p>\n","protected":false},"author":6,"featured_media":0,"parent":0,"menu_order":0,"comment_status":"closed","ping_status":"closed","template":"","meta":{"_monsterinsights_skip_tracking":false,"_monsterinsights_sitenote_active":false,"_monsterinsights_sitenote_note":"","_monsterinsights_sitenote_category":0,"footnotes":""},"_links":{"self":[{"href":"https:\/\/eldienteroto.org\/wp49\/wp-json\/wp\/v2\/pages\/849"}],"collection":[{"href":"https:\/\/eldienteroto.org\/wp49\/wp-json\/wp\/v2\/pages"}],"about":[{"href":"https:\/\/eldienteroto.org\/wp49\/wp-json\/wp\/v2\/types\/page"}],"author":[{"embeddable":true,"href":"https:\/\/eldienteroto.org\/wp49\/wp-json\/wp\/v2\/users\/6"}],"replies":[{"embeddable":true,"href":"https:\/\/eldienteroto.org\/wp49\/wp-json\/wp\/v2\/comments?post=849"}],"version-history":[{"count":27,"href":"https:\/\/eldienteroto.org\/wp49\/wp-json\/wp\/v2\/pages\/849\/revisions"}],"predecessor-version":[{"id":17906,"href":"https:\/\/eldienteroto.org\/wp49\/wp-json\/wp\/v2\/pages\/849\/revisions\/17906"}],"wp:attachment":[{"href":"https:\/\/eldienteroto.org\/wp49\/wp-json\/wp\/v2\/media?parent=849"}],"curies":[{"name":"wp","href":"https:\/\/api.w.org\/{rel}","templated":true}]}}