{"id":847,"date":"2021-08-20T11:15:28","date_gmt":"2021-08-20T11:15:28","guid":{"rendered":"https:\/\/eldienteroto.org\/wp49\/?page_id=847"},"modified":"2026-01-18T15:42:29","modified_gmt":"2026-01-18T20:12:29","slug":"n","status":"publish","type":"page","link":"https:\/\/eldienteroto.org\/wp49\/n\/","title":{"rendered":"N"},"content":{"rendered":"\n<p><a href=\"https:\/\/eldienteroto.org\/wp49\/narrativa-venezolana-contemporanea\/\" target=\"_blank\" rel=\"noopener\">Narrativa venezolana contempor\u00e1nea<\/a><\/p>\n\n\n\n<p><a rel=\"noopener\" href=\"https:\/\/eldienteroto.org\/wp49\/navil-naime\/\" target=\"_blank\">Naime, Navil<\/a><\/p>\n\n\n\n<p><a href=\"https:\/\/eldienteroto.org\/wp49\/ernesto-navarro\/\" target=\"_blank\" rel=\"noreferrer noopener\">Navarro, Ernesto<\/a><\/p>\n\n\n\n<p><a rel=\"noreferrer noopener\" href=\"https:\/\/eldienteroto.org\/wp49\/jose-miguel-navas\/\" target=\"_blank\">Navas, Jos\u00e9 Miguel<\/a><\/p>\n\n\n\n<p><a href=\"https:\/\/eldienteroto.org\/wp49\/anibal-nazoa\/\" target=\"_blank\" rel=\"noreferrer noopener\">Nazoa, An\u00edbal<\/a><\/p>\n\n\n\n<p><a href=\"https:\/\/eldienteroto.org\/wp49\/?p=149&amp;preview=true\" target=\"_blank\" rel=\"noopener\">Nazoa, Aquiles<\/a><\/p>\n\n\n\n<p><a href=\"https:\/\/eldienteroto.org\/wp49\/jose-negron-valera\/\" target=\"_blank\" rel=\"noopener\">Negr\u00f3n Valera, Jos\u00e9<\/a><\/p>\n\n\n\n<p><a rel=\"noopener\" href=\"https:\/\/eldienteroto.org\/wp49\/nenufares-malogrados-y-otras-pesadillas-2\/\" target=\"_blank\">Nen\u00fafares malogrados y otras pesadillas<\/a><\/p>\n\n\n\n<p><a href=\"https:\/\/eldienteroto.org\/wp49\/norys-nicoliello\/\" target=\"_blank\" rel=\"noreferrer noopener\">Nicoliello, Norys<\/a><\/p>\n\n\n\n<p><a href=\"https:\/\/eldienteroto.org\/wp49\/jose-carlos-de-nobrega\/\" target=\"_blank\" rel=\"noopener\">N\u00f3brega, Jos\u00e9 Carlos De<\/a><\/p>\n\n\n\n<p><a href=\"https:\/\/eldienteroto.org\/wp49\/nochebuena-negra\/\" target=\"_blank\" rel=\"noopener\">Nochebuena negra<\/a><\/p>\n\n\n\n<p><a href=\"https:\/\/eldienteroto.org\/wp49\/rafael-de-nogales-mendez\/\" target=\"_blank\" rel=\"noopener\">Nogales M\u00e9ndez, Rafael<\/a><\/p>\n\n\n\n<p><a rel=\"noopener\" href=\"https:\/\/eldienteroto.org\/wp49\/carlos-noguera\/\" target=\"_blank\">Noguera, Carlos<\/a><\/p>\n\n\n\n<p><a href=\"https:\/\/eldienteroto.org\/wp49\/claudia-noguera-penso\/\" target=\"_blank\" rel=\"noreferrer noopener\">Noguera Penso, Claudia<\/a><\/p>\n\n\n\n<p><a href=\"https:\/\/eldienteroto.org\/wp49\/linsabel-noguera\/\" target=\"_blank\" rel=\"noreferrer noopener\">Noguera, Linsabel<\/a><\/p>\n\n\n\n<p><a href=\"https:\/\/eldienteroto.org\/wp49\/no-es-tiempo-para-rosas-rojas\/\" target=\"_blank\" rel=\"noopener\">No es tiempo para rosas rojas<\/a><\/p>\n\n\n\n<p><a href=\"https:\/\/eldienteroto.org\/wp49\/no-habra-final\/\" target=\"_blank\" rel=\"noopener\">No habr\u00e1 final<\/a><\/p>\n\n\n\n<p><a href=\"https:\/\/eldienteroto.org\/wp49\/noventa-anos\/\" target=\"_blank\" rel=\"noopener\">Noventa a\u00f1os de literatura venezolana<\/a><\/p>\n\n\n\n<p><a rel=\"noopener\" href=\"https:\/\/eldienteroto.org\/wp49\/nuevo-mundo-orinoco\/\" target=\"_blank\">Nuevo mundo Orinoco<\/a><\/p>\n\n\n\n<p><a rel=\"noopener\" href=\"https:\/\/eldienteroto.org\/wp49\/nunca-es-un-artificio-el-viejo-exilio-2\/\" target=\"_blank\">Nunca es un artificio el viejo exilio<\/a><\/p>\n\n\n\n<p><a rel=\"noreferrer noopener\" href=\"https:\/\/eldienteroto.org\/wp49\/nunca-mas-lili-marleen\/\" target=\"_blank\">Nunca m\u00e1s Lili Marleen<\/a><\/p>\n\n\n\n<p><a href=\"https:\/\/eldienteroto.org\/wp49\/nuevo-mundo-orinoco\/\" target=\"_blank\" rel=\"noopener\">N\u00fa\u00f1ez, Enrique Bernardo<\/a><\/p>\n\n\n\n<p><a rel=\"noopener\" href=\"https:\/\/eldienteroto.org\/wp49\/felix-armando-nunez\/\" target=\"_blank\">N\u00fa\u00f1ez, F\u00e9lix Armando<\/a><\/p>\n\n\n\n<p><a rel=\"noreferrer noopener\" href=\"https:\/\/eldienteroto.org\/wp49\/maria-celina-nunez\/\" target=\"_blank\">N\u00fa\u00f1ez, Mar\u00eda Celina<\/a><\/p>\n\n\n\n<p><a href=\"https:\/\/eldienteroto.org\/wp49\/juan-nuno\/\" target=\"_blank\" rel=\"noreferrer noopener\">Nu\u00f1o, Juan<\/a><\/p>\n","protected":false},"excerpt":{"rendered":"<p>Narrativa venezolana contempor\u00e1nea Naime, Navil Navarro, Ernesto Navas, Jos\u00e9 Miguel Nazoa, An\u00edbal Nazoa, Aquiles Negr\u00f3n Valera, Jos\u00e9 Nen\u00fafares malogrados y otras pesadillas Nicoliello, Norys N\u00f3brega, Jos\u00e9 Carlos De Nochebuena negra Nogales M\u00e9ndez, Rafael Noguera, Carlos Noguera Penso, Claudia Noguera, Linsabel No es tiempo para rosas rojas No habr\u00e1 final Noventa a\u00f1os de literatura venezolana Nuevo [&hellip;]<\/p>\n","protected":false},"author":6,"featured_media":0,"parent":0,"menu_order":0,"comment_status":"closed","ping_status":"closed","template":"","meta":{"_monsterinsights_skip_tracking":false,"_monsterinsights_sitenote_active":false,"_monsterinsights_sitenote_note":"","_monsterinsights_sitenote_category":0,"footnotes":""},"_links":{"self":[{"href":"https:\/\/eldienteroto.org\/wp49\/wp-json\/wp\/v2\/pages\/847"}],"collection":[{"href":"https:\/\/eldienteroto.org\/wp49\/wp-json\/wp\/v2\/pages"}],"about":[{"href":"https:\/\/eldienteroto.org\/wp49\/wp-json\/wp\/v2\/types\/page"}],"author":[{"embeddable":true,"href":"https:\/\/eldienteroto.org\/wp49\/wp-json\/wp\/v2\/users\/6"}],"replies":[{"embeddable":true,"href":"https:\/\/eldienteroto.org\/wp49\/wp-json\/wp\/v2\/comments?post=847"}],"version-history":[{"count":26,"href":"https:\/\/eldienteroto.org\/wp49\/wp-json\/wp\/v2\/pages\/847\/revisions"}],"predecessor-version":[{"id":18181,"href":"https:\/\/eldienteroto.org\/wp49\/wp-json\/wp\/v2\/pages\/847\/revisions\/18181"}],"wp:attachment":[{"href":"https:\/\/eldienteroto.org\/wp49\/wp-json\/wp\/v2\/media?parent=847"}],"curies":[{"name":"wp","href":"https:\/\/api.w.org\/{rel}","templated":true}]}}