{"id":2221,"date":"2021-11-03T21:19:09","date_gmt":"2021-11-03T21:19:09","guid":{"rendered":"https:\/\/eldienteroto.org\/wp49\/?page_id=2221"},"modified":"2026-03-11T17:20:58","modified_gmt":"2026-03-11T21:50:58","slug":"l","status":"publish","type":"page","link":"https:\/\/eldienteroto.org\/wp49\/l\/","title":{"rendered":"L"},"content":{"rendered":"\n<p><a href=\"https:\/\/eldienteroto.org\/wp49\/el-laberinto-de-los-tres-minotauros\/\" target=\"_blank\" rel=\"noopener\">Laberinto de los tres minotauros, el<\/a><\/p>\n\n\n\n<p><a href=\"https:\/\/eldienteroto.org\/wp49\/las-lanzas-coloradas\/\" target=\"_blank\" rel=\"noopener\">Lanzas coloradas, las<\/a><\/p>\n\n\n\n<p><a rel=\"noopener\" href=\"https:\/\/eldienteroto.org\/wp49\/liliana-lara\/\" target=\"_blank\">Lara, Liliana<\/a><\/p>\n\n\n\n<p><a href=\"https:\/\/eldienteroto.org\/wp49\/largo\/\" target=\"_blank\" rel=\"noreferrer noopener\">Largo<\/a><\/p>\n\n\n\n<p><a rel=\"noopener\" href=\"https:\/\/eldienteroto.org\/wp49\/javier-lasarte-valcarcel\/\" target=\"_blank\">Lasarte, Javier<\/a><\/p>\n\n\n\n<p><a href=\"https:\/\/eldienteroto.org\/wp49\/maria-elena-lavaud\/\" target=\"_blank\" rel=\"noreferrer noopener\">Lavaud, Mar\u00eda Elena<\/a><\/p>\n\n\n\n<p><a href=\"https:\/\/eldienteroto.org\/wp49\/francisco-lazo-marti\/\" target=\"_blank\" rel=\"noopener\">Lazo Mart\u00ed, Francisco<\/a><\/p>\n\n\n\n<p><a rel=\"noopener\" href=\"https:\/\/eldienteroto.org\/wp49\/leer-en-el-caos\/\" target=\"_blank\">Leer en el caos<\/a><\/p>\n\n\n\n<p><a rel=\"noreferrer noopener\" href=\"https:\/\/eldienteroto.org\/wp49\/carlos-augusto-leon\/\" target=\"_blank\">Le\u00f3n, Carlos Augusto<\/a><\/p>\n\n\n\n<p><a href=\"https:\/\/eldienteroto.org\/wp49\/jesus-alberto-leon\/\" target=\"_blank\" rel=\"noreferrer noopener\">Le\u00f3n, Jes\u00fas Alberto<\/a><\/p>\n\n\n\n<p><a rel=\"noopener\" href=\"https:\/\/eldienteroto.org\/wp49\/yanuva-leon\/\" target=\"_blank\">Le\u00f3n, Yanuva<\/a><\/p>\n\n\n\n<p><a rel=\"noopener\" href=\"https:\/\/eldienteroto.org\/wp49\/elisa-lerner\/\" target=\"_blank\">Lerner, Elisa<\/a><\/p>\n\n\n\n<p><a href=\"https:\/\/eldienteroto.org\/wp49\/letras-y-hombres-de-venezuela\/\" target=\"_blank\" rel=\"noreferrer noopener\">Letras y hombres de Venezuela<\/a><\/p>\n\n\n\n<p><a class=\"row-title\" aria-label=\"\u00abLeyendas hist\u00f3ricas de Venezuela\u00bb (Editar)\" href=\"https:\/\/eldienteroto.org\/wp49\/wp-admin\/post.php?post=9439&amp;action=edit\">Leyendas hist\u00f3ricas de Venezuela<\/a><\/p>\n\n\n\n<p><a rel=\"noreferrer noopener\" href=\"https:\/\/eldienteroto.org\/wp49\/el-libro-de-las-cicatrices-2\/\" target=\"_blank\">libro de las cicatrices, El<\/a> <\/p>\n\n\n\n<p><a href=\"https:\/\/eldienteroto.org\/wp49\/el-libro-de-los-tratados\/\" target=\"_blank\" rel=\"noopener\">Libro de los tratados, el<\/a><\/p>\n\n\n\n<p><a href=\"https:\/\/eldienteroto.org\/wp49\/eduardo-liendo\/\" target=\"_blank\" rel=\"noopener\">Liendo, Eduardo<\/a><\/p>\n\n\n\n<p><a href=\"https:\/\/eldienteroto.org\/wp49\/linaje-de-arboles\/\" target=\"_blank\" rel=\"noopener\">Linaje de \u00e1rboles<\/a><\/p>\n\n\n\n<p><a rel=\"noopener\" href=\"https:\/\/eldienteroto.org\/wp49\/sol-linares\/\" target=\"_blank\">Linares, Sol<\/a><\/p>\n\n\n\n<p><a href=\"https:\/\/eldienteroto.org\/wp49\/libardo-linarez\/\" target=\"_blank\" rel=\"noreferrer noopener\">Linarez, Libardo<\/a><\/p>\n\n\n\n<p><a rel=\"noopener\" href=\"https:\/\/eldienteroto.org\/wp49\/juan-liscano\/\" target=\"_blank\">Liscano, Juan<\/a><\/p>\n\n\n\n<p><a rel=\"noreferrer noopener\" href=\"https:\/\/eldienteroto.org\/wp49\/la-literatura-infantil-en-el-mundo-hispanoamericano\/\" target=\"_blank\">literatura infantil en el mundo hispanoamericano, La<\/a><\/p>\n\n\n\n<p><a href=\"https:\/\/eldienteroto.org\/wp49\/las-lanzas-coloradas\/\" target=\"_blank\" rel=\"noopener\">Locura del otro, la<\/a><\/p>\n\n\n\n<p><a href=\"https:\/\/eldienteroto.org\/wp49\/lope-de-aguirre\/\" target=\"_blank\" rel=\"noopener\">Lope de Aguirre, pr\u00edncipe de la libertad<\/a><\/p>\n\n\n\n<p><a rel=\"noopener\" href=\"https:\/\/eldienteroto.org\/wp49\/hector-andres-lopez\/\" target=\"_blank\">L\u00f3pez, H\u00e9ctor Andr\u00e9s<\/a><\/p>\n\n\n\n<p><a href=\"https:\/\/eldienteroto.org\/wp49\/jose-manuel-lopez-d-jesus\/\" target=\"_blank\" rel=\"noreferrer noopener\">L\u00f3pez D\u2019 Jes\u00fas, Jos\u00e9 Manuel<\/a><\/p>\n\n\n\n<p><a rel=\"noopener\" href=\"https:\/\/eldienteroto.org\/wp49\/leiber-lopez\/\" target=\"_blank\">L\u00f3pez, Leiber<\/a><\/p>\n\n\n\n<p><a rel=\"noopener\" href=\"https:\/\/eldienteroto.org\/wp49\/linda-cristina-lopez-ortega\/\" target=\"_blank\">L\u00f3pez, Linda Cristina<\/a><\/p>\n\n\n\n<p><a rel=\"noopener\" href=\"https:\/\/eldienteroto.org\/wp49\/santos-lopez\/\" target=\"_blank\">L\u00f3pez, Santos<\/a><\/p>\n\n\n\n<p>L\u00f3pez de Aramburu, Lina (ver <a href=\"https:\/\/eldienteroto.org\/wp49\/zulima-lina-lopez-de-aramburu\/\" target=\"_blank\" rel=\"noreferrer noopener\">Zulima<\/a>)<\/p>\n\n\n\n<p><a rel=\"noopener\" href=\"https:\/\/eldienteroto.org\/wp49\/antonio-lopez-ortega\/\" target=\"_blank\">L\u00f3pez Ortega, Antonio<\/a><\/p>\n\n\n\n<p><a rel=\"noreferrer noopener\" href=\"https:\/\/eldienteroto.org\/wp49\/jesus-enrique-lossada\/\" target=\"_blank\">Lossada, Jes\u00fas Enrique<\/a><\/p>\n\n\n\n<p><a href=\"https:\/\/eldienteroto.org\/wp49\/maria-gabriela-lovera\/\" target=\"_blank\" rel=\"noreferrer noopener\">Lovera, Mar\u00eda Gabriela<\/a><\/p>\n\n\n\n<p><a href=\"https:\/\/eldienteroto.org\/wp49\/roberto-lovera-de-sola\/\" target=\"_blank\" rel=\"noreferrer noopener\">Lovera De Sola, Roberto<\/a><\/p>\n\n\n\n<p><a href=\"https:\/\/eldienteroto.org\/wp49\/carolina-lozada\/\" target=\"_blank\" rel=\"noopener\">Lozada, Carolina<\/a><\/p>\n\n\n\n<p><a href=\"https:\/\/eldienteroto.org\/wp49\/abigail-lozano\/\" target=\"_blank\" rel=\"noopener\">Lozano, Abiga\u00edl<\/a><\/p>\n\n\n\n<p><a href=\"https:\/\/eldienteroto.org\/wp49\/mariela-josefina-lugo-garcia\/\" target=\"_blank\" rel=\"noopener\">Lugo Garcia, Mariela Josefina<\/a><\/p>\n\n\n\n<p><a href=\"https:\/\/eldienteroto.org\/wp49\/la-luna-de-fausto\/\" target=\"_blank\" rel=\"noopener\">luna de Fausto, La<\/a><\/p>\n","protected":false},"excerpt":{"rendered":"<p>Laberinto de los tres minotauros, el Lanzas coloradas, las Lara, Liliana Largo Lasarte, Javier Lavaud, Mar\u00eda Elena Lazo Mart\u00ed, Francisco Leer en el caos Le\u00f3n, Carlos Augusto Le\u00f3n, Jes\u00fas Alberto Le\u00f3n, Yanuva Lerner, Elisa Letras y hombres de Venezuela Leyendas hist\u00f3ricas de Venezuela libro de las cicatrices, El Libro de los tratados, el Liendo, Eduardo [&hellip;]<\/p>\n","protected":false},"author":6,"featured_media":0,"parent":0,"menu_order":0,"comment_status":"closed","ping_status":"closed","template":"","meta":{"_monsterinsights_skip_tracking":false,"_monsterinsights_sitenote_active":false,"_monsterinsights_sitenote_note":"","_monsterinsights_sitenote_category":0,"footnotes":""},"_links":{"self":[{"href":"https:\/\/eldienteroto.org\/wp49\/wp-json\/wp\/v2\/pages\/2221"}],"collection":[{"href":"https:\/\/eldienteroto.org\/wp49\/wp-json\/wp\/v2\/pages"}],"about":[{"href":"https:\/\/eldienteroto.org\/wp49\/wp-json\/wp\/v2\/types\/page"}],"author":[{"embeddable":true,"href":"https:\/\/eldienteroto.org\/wp49\/wp-json\/wp\/v2\/users\/6"}],"replies":[{"embeddable":true,"href":"https:\/\/eldienteroto.org\/wp49\/wp-json\/wp\/v2\/comments?post=2221"}],"version-history":[{"count":39,"href":"https:\/\/eldienteroto.org\/wp49\/wp-json\/wp\/v2\/pages\/2221\/revisions"}],"predecessor-version":[{"id":18390,"href":"https:\/\/eldienteroto.org\/wp49\/wp-json\/wp\/v2\/pages\/2221\/revisions\/18390"}],"wp:attachment":[{"href":"https:\/\/eldienteroto.org\/wp49\/wp-json\/wp\/v2\/media?parent=2221"}],"curies":[{"name":"wp","href":"https:\/\/api.w.org\/{rel}","templated":true}]}}